{"id":9489,"date":"2022-05-31T23:03:47","date_gmt":"2022-05-31T23:03:47","guid":{"rendered":"https:\/\/ifa.uv.cl\/ifa-2022\/?page_id=9489"},"modified":"2022-05-31T23:06:52","modified_gmt":"2022-05-31T23:06:52","slug":"news","status":"publish","type":"page","link":"https:\/\/ifa.uv.cl\/en\/news\/","title":{"rendered":"News"},"content":{"rendered":"\t\t<div data-elementor-type=\"wp-page\" data-elementor-id=\"9489\" class=\"elementor elementor-9489\">\n\t\t\t\t\t\t\t\t\t<section class=\"elementor-section elementor-top-section elementor-element elementor-element-18db36f elementor-section-boxed elementor-section-height-default elementor-section-height-default qodef-elementor-content-no\" data-id=\"18db36f\" data-element_type=\"section\">\n\t\t\t\t\t\t<div class=\"elementor-container elementor-column-gap-default\">\n\t\t\t\t\t<div class=\"elementor-column elementor-col-100 elementor-top-column elementor-element elementor-element-8280dbc\" data-id=\"8280dbc\" data-element_type=\"column\">\n\t\t\t<div class=\"elementor-widget-wrap elementor-element-populated\">\n\t\t\t\t\t\t\t\t<div class=\"elementor-element elementor-element-b130a78 elementor-grid-eael-col-4 elementor-grid-tablet-eael-col-2 elementor-grid-mobile-eael-col-1 elementor-widget elementor-widget-eael-post-grid\" data-id=\"b130a78\" data-element_type=\"widget\" data-settings=\"{&quot;eael_post_grid_columns&quot;:&quot;eael-col-4&quot;,&quot;eael_post_grid_columns_tablet&quot;:&quot;eael-col-2&quot;,&quot;eael_post_grid_columns_mobile&quot;:&quot;eael-col-1&quot;}\" data-widget_type=\"eael-post-grid.default\">\n\t\t\t\t<div class=\"elementor-widget-container\">\n\t\t\t<div id=\"eael-post-grid-b130a78\" class=\"eael-post-grid-container\">\n            <div class=\"eael-post-grid eael-post-appender eael-post-appender-b130a78 eael-post-grid-style-default\" data-layout-mode=\"masonry\"><article class=\"eael-grid-post eael-post-grid-column\" data-id=\"22899\">\n        <div class=\"eael-grid-post-holder\">\n            <div class=\"eael-grid-post-holder-inner\"><div class=\"eael-entry-media\"><div class=\"eael-entry-overlay fade-in\"><i class=\"fas fa-long-arrow-alt-right\" aria-hidden=\"true\"><\/i><a href=\"https:\/\/ifa.uv.cl\/en\/la-luz-mas-antigua-del-universo-sera-protagonista-de-nueva-charla-publica-de-astronomia-uv\/\"><\/a><\/div><div class=\"eael-entry-thumbnail \">\n                <img loading=\"lazy\" decoding=\"async\" width=\"240\" height=\"300\" src=\"https:\/\/ifa.uv.cl\/wp-content\/uploads\/2026\/08\/septiembre-2026_RRSS-charlas-astronomia-1-240x300.jpg\" class=\"attachment-medium size-medium\" alt=\"\" srcset=\"https:\/\/ifa.uv.cl\/wp-content\/uploads\/2026\/08\/septiembre-2026_RRSS-charlas-astronomia-1-240x300.jpg 240w, https:\/\/ifa.uv.cl\/wp-content\/uploads\/2026\/08\/septiembre-2026_RRSS-charlas-astronomia-1-819x1024.jpg 819w, https:\/\/ifa.uv.cl\/wp-content\/uploads\/2026\/08\/septiembre-2026_RRSS-charlas-astronomia-1-768x960.jpg 768w, https:\/\/ifa.uv.cl\/wp-content\/uploads\/2026\/08\/septiembre-2026_RRSS-charlas-astronomia-1.jpg 1080w\" sizes=\"auto, (max-width: 240px) 100vw, 240px\" \/>\n            <\/div>\n        <\/div><div class=\"eael-entry-wrapper\"><header class=\"eael-entry-header\"><h2 class=\"eael-entry-title\"><a\n                        class=\"eael-grid-post-link\"\n                        href=\"https:\/\/ifa.uv.cl\/en\/la-luz-mas-antigua-del-universo-sera-protagonista-de-nueva-charla-publica-de-astronomia-uv\/\"\n                        title=\"La luz m\u00e1s antigua del universo ser\u00e1 protagonista de nueva Charla P\u00fablica de Astronom\u00eda UV\">La luz m\u00e1s antigua del universo ser\u00e1 protagonista de nueva Charla P\u00fablica de Astronom\u00eda UV<\/a><\/h2><\/header><div class=\"eael-entry-content\">\n                        <div class=\"eael-grid-post-excerpt\"><p>El estudiante del Doctorado en F\u00edsica Diego Navia abordar\u00e1 el...<\/p><a\n                            href=\"https:\/\/ifa.uv.cl\/en\/la-luz-mas-antigua-del-universo-sera-protagonista-de-nueva-charla-publica-de-astronomia-uv\/\"\n                            class=\"eael-post-elements-readmore-btn\">Leer m\u00e1s<\/a><\/div>\n                    <\/div><div class=\"eael-entry-footer\"><div class=\"eael-entry-meta\"><\/div><\/div><\/div><\/div>\n        <\/div>\n    <\/article><article class=\"eael-grid-post eael-post-grid-column\" data-id=\"22796\">\n        <div class=\"eael-grid-post-holder\">\n            <div class=\"eael-grid-post-holder-inner\"><div class=\"eael-entry-media\"><div class=\"eael-entry-overlay fade-in\"><i class=\"fas fa-long-arrow-alt-right\" aria-hidden=\"true\"><\/i><a href=\"https:\/\/ifa.uv.cl\/en\/astronomos-de-la-uv-descubren-emision-de-agua-caliente-en-una-estrella-joven-2\/\"><\/a><\/div><div class=\"eael-entry-thumbnail \">\n                <img loading=\"lazy\" decoding=\"async\" width=\"300\" height=\"300\" src=\"https:\/\/ifa.uv.cl\/wp-content\/uploads\/2026\/08\/roseta-300x300.jpg\" class=\"attachment-medium size-medium\" alt=\"\" srcset=\"https:\/\/ifa.uv.cl\/wp-content\/uploads\/2026\/08\/roseta-300x300.jpg 300w, https:\/\/ifa.uv.cl\/wp-content\/uploads\/2026\/08\/roseta-1024x1024.jpg 1024w, https:\/\/ifa.uv.cl\/wp-content\/uploads\/2026\/08\/roseta-150x150.jpg 150w, https:\/\/ifa.uv.cl\/wp-content\/uploads\/2026\/08\/roseta-768x768.jpg 768w, https:\/\/ifa.uv.cl\/wp-content\/uploads\/2026\/08\/roseta-650x650.jpg 650w, https:\/\/ifa.uv.cl\/wp-content\/uploads\/2026\/08\/roseta.jpg 1280w\" sizes=\"auto, (max-width: 300px) 100vw, 300px\" \/>\n            <\/div>\n        <\/div><div class=\"eael-entry-wrapper\"><header class=\"eael-entry-header\"><h2 class=\"eael-entry-title\"><a\n                        class=\"eael-grid-post-link\"\n                        href=\"https:\/\/ifa.uv.cl\/en\/astronomos-de-la-uv-descubren-emision-de-agua-caliente-en-una-estrella-joven-2\/\"\n                        title=\"Astr\u00f3nomos de la UV descubren emisi\u00f3n de agua caliente en una estrella joven\">Astr\u00f3nomos de la UV descubren emisi\u00f3n de agua caliente en una estrella joven<\/a><\/h2><\/header><div class=\"eael-entry-content\">\n                        <div class=\"eael-grid-post-excerpt\"><p>El hallazgo fue realizado durante una inusual erupci\u00f3n de V557...<\/p><a\n                            href=\"https:\/\/ifa.uv.cl\/en\/astronomos-de-la-uv-descubren-emision-de-agua-caliente-en-una-estrella-joven-2\/\"\n                            class=\"eael-post-elements-readmore-btn\">Leer m\u00e1s<\/a><\/div>\n                    <\/div><div class=\"eael-entry-footer\"><div class=\"eael-entry-meta\"><\/div><\/div><\/div><\/div>\n        <\/div>\n    <\/article><article class=\"eael-grid-post eael-post-grid-column\" data-id=\"22761\">\n        <div class=\"eael-grid-post-holder\">\n            <div class=\"eael-grid-post-holder-inner\"><div class=\"eael-entry-media\"><div class=\"eael-entry-overlay fade-in\"><i class=\"fas fa-long-arrow-alt-right\" aria-hidden=\"true\"><\/i><a href=\"https:\/\/ifa.uv.cl\/en\/docentes-del-slep-los-andes-se-capacitaran-en-ciencia-ciudadana-y-astronomia-junto-a-investigadores-del-ifa-uv-y-mingal\/\"><\/a><\/div><div class=\"eael-entry-thumbnail \">\n                <img loading=\"lazy\" decoding=\"async\" width=\"300\" height=\"200\" src=\"https:\/\/ifa.uv.cl\/wp-content\/uploads\/2026\/08\/FOTO-GRUPAL-300x200.jpg\" class=\"attachment-medium size-medium\" alt=\"\" srcset=\"https:\/\/ifa.uv.cl\/wp-content\/uploads\/2026\/08\/FOTO-GRUPAL-300x200.jpg 300w, https:\/\/ifa.uv.cl\/wp-content\/uploads\/2026\/08\/FOTO-GRUPAL-1024x683.jpg 1024w, https:\/\/ifa.uv.cl\/wp-content\/uploads\/2026\/08\/FOTO-GRUPAL-768x512.jpg 768w, https:\/\/ifa.uv.cl\/wp-content\/uploads\/2026\/08\/FOTO-GRUPAL-1536x1024.jpg 1536w, https:\/\/ifa.uv.cl\/wp-content\/uploads\/2026\/08\/FOTO-GRUPAL-2048x1365.jpg 2048w\" sizes=\"auto, (max-width: 300px) 100vw, 300px\" \/>\n            <\/div>\n        <\/div><div class=\"eael-entry-wrapper\"><header class=\"eael-entry-header\"><h2 class=\"eael-entry-title\"><a\n                        class=\"eael-grid-post-link\"\n                        href=\"https:\/\/ifa.uv.cl\/en\/docentes-del-slep-los-andes-se-capacitaran-en-ciencia-ciudadana-y-astronomia-junto-a-investigadores-del-ifa-uv-y-mingal\/\"\n                        title=\"Docentes del SLEP Los Andes se capacitaron en ciencia ciudadana y astronom\u00eda junto a investigadores del IFA UV y MINGAL\">Docentes del SLEP Los Andes se capacitaron en ciencia ciudadana y astronom\u00eda junto a investigadores del IFA UV y MINGAL<\/a><\/h2><\/header><div class=\"eael-entry-content\">\n                        <div class=\"eael-grid-post-excerpt\"><p>Con el objetivo de fortalecer la ense\u00f1anza de las ciencias...<\/p><a\n                            href=\"https:\/\/ifa.uv.cl\/en\/docentes-del-slep-los-andes-se-capacitaran-en-ciencia-ciudadana-y-astronomia-junto-a-investigadores-del-ifa-uv-y-mingal\/\"\n                            class=\"eael-post-elements-readmore-btn\">Leer m\u00e1s<\/a><\/div>\n                    <\/div><div class=\"eael-entry-footer\"><div class=\"eael-entry-meta\"><\/div><\/div><\/div><\/div>\n        <\/div>\n    <\/article><article class=\"eael-grid-post eael-post-grid-column\" data-id=\"22718\">\n        <div class=\"eael-grid-post-holder\">\n            <div class=\"eael-grid-post-holder-inner\"><div class=\"eael-entry-media\"><div class=\"eael-entry-overlay fade-in\"><i class=\"fas fa-long-arrow-alt-right\" aria-hidden=\"true\"><\/i><a href=\"https:\/\/ifa.uv.cl\/en\/estudiante-de-doctorado-en-fisica-del-ifa-uv-se-consagra-campeon-mundial-de-orientacion-terrestre-en-italia\/\"><\/a><\/div><div class=\"eael-entry-thumbnail \">\n                <img loading=\"lazy\" decoding=\"async\" width=\"207\" height=\"300\" src=\"https:\/\/ifa.uv.cl\/wp-content\/uploads\/2026\/07\/IMG_9731-207x300.png\" class=\"attachment-medium size-medium\" alt=\"\" srcset=\"https:\/\/ifa.uv.cl\/wp-content\/uploads\/2026\/07\/IMG_9731-207x300.png 207w, https:\/\/ifa.uv.cl\/wp-content\/uploads\/2026\/07\/IMG_9731.png 651w\" sizes=\"auto, (max-width: 207px) 100vw, 207px\" \/>\n            <\/div>\n        <\/div><div class=\"eael-entry-wrapper\"><header class=\"eael-entry-header\"><h2 class=\"eael-entry-title\"><a\n                        class=\"eael-grid-post-link\"\n                        href=\"https:\/\/ifa.uv.cl\/en\/estudiante-de-doctorado-en-fisica-del-ifa-uv-se-consagra-campeon-mundial-de-orientacion-terrestre-en-italia\/\"\n                        title=\"Estudiante de Doctorado en F\u00edsica del IFA UV se consagra campe\u00f3n mundial de orientaci\u00f3n terrestre en Italia\">Estudiante de Doctorado en F\u00edsica del IFA UV se consagra campe\u00f3n mundial de orientaci\u00f3n terrestre en Italia<\/a><\/h2><\/header><div class=\"eael-entry-content\">\n                        <div class=\"eael-grid-post-excerpt\"><p>Gustavo Adriazola Alvarado, estudiante del Doctorado en F\u00edsica del Instituto...<\/p><a\n                            href=\"https:\/\/ifa.uv.cl\/en\/estudiante-de-doctorado-en-fisica-del-ifa-uv-se-consagra-campeon-mundial-de-orientacion-terrestre-en-italia\/\"\n                            class=\"eael-post-elements-readmore-btn\">Leer m\u00e1s<\/a><\/div>\n                    <\/div><div class=\"eael-entry-footer\"><div class=\"eael-entry-meta\"><\/div><\/div><\/div><\/div>\n        <\/div>\n    <\/article><\/div>\n            <div class=\"clearfix\"><\/div>\n        <\/div>            <div class=\"eael-load-more-button-wrap eael-force-hide\">\n                <button class=\"eael-load-more-button\" id=\"eael-load-more-btn-b130a78\" data-widget-id=\"b130a78\" data-widget=\"b130a78\" data-page-id=\"9489\" data-nonce=\"41cdd26e55\" data-template=\"{&quot;dir&quot;:&quot;lite&quot;,&quot;file_name&quot;:&quot;default.php&quot;,&quot;name&quot;:&quot;Post-Grid&quot;}\" data-class=\"Essential_Addons_Elementor\\Elements\\Post_Grid\" data-layout=\"masonry\" data-page=\"1\" data-args=\"orderby=date&amp;order=desc&amp;ignore_sticky_posts=1&amp;post_status=publish&amp;posts_per_page=4&amp;offset=0&amp;post_type=post\" data-max-page=\"39\">\n                    <div class=\"eael-btn-loader button__loader\"><\/div>\n                    <span>Cargar m\u00e1s<\/span>\n                <\/button>\n            <\/div>\n        \t\t<\/div>\n\t\t\t\t<\/div>\n\t\t\t\t\t<\/div>\n\t\t<\/div>\n\t\t\t\t\t\t\t<\/div>\n\t\t<\/section>\n\t\t\t\t\t\t\t<\/div>\n\t\t","protected":false},"excerpt":{"rendered":"<p>Our Graduates 2022 We congratulate our graduates of the Postgraduate Master&#8217;s and Doctorate&#8230; Leer m\u00e1s Astronomers reveal the First image of the Black Hole at the heart of our Galaxy To see this news Visit our local Web Site (in&#8230; Leer m\u00e1s UV astronomers participate in a study that will use the most powerful spetrograph [&hellip;]<\/p>\n","protected":false},"author":1,"featured_media":0,"parent":0,"menu_order":0,"comment_status":"closed","ping_status":"closed","template":"","meta":{"footnotes":""},"categories":[],"tags":[],"class_list":["post-9489","page","type-page","status-publish","hentry"],"_links":{"self":[{"href":"https:\/\/ifa.uv.cl\/en\/wp-json\/wp\/v2\/pages\/9489","targetHints":{"allow":["GET"]}}],"collection":[{"href":"https:\/\/ifa.uv.cl\/en\/wp-json\/wp\/v2\/pages"}],"about":[{"href":"https:\/\/ifa.uv.cl\/en\/wp-json\/wp\/v2\/types\/page"}],"author":[{"embeddable":true,"href":"https:\/\/ifa.uv.cl\/en\/wp-json\/wp\/v2\/users\/1"}],"replies":[{"embeddable":true,"href":"https:\/\/ifa.uv.cl\/en\/wp-json\/wp\/v2\/comments?post=9489"}],"version-history":[{"count":4,"href":"https:\/\/ifa.uv.cl\/en\/wp-json\/wp\/v2\/pages\/9489\/revisions"}],"predecessor-version":[{"id":9498,"href":"https:\/\/ifa.uv.cl\/en\/wp-json\/wp\/v2\/pages\/9489\/revisions\/9498"}],"wp:attachment":[{"href":"https:\/\/ifa.uv.cl\/en\/wp-json\/wp\/v2\/media?parent=9489"}],"wp:term":[{"taxonomy":"category","embeddable":true,"href":"https:\/\/ifa.uv.cl\/en\/wp-json\/wp\/v2\/categories?post=9489"},{"taxonomy":"post_tag","embeddable":true,"href":"https:\/\/ifa.uv.cl\/en\/wp-json\/wp\/v2\/tags?post=9489"}],"curies":[{"name":"wp","href":"https:\/\/api.w.org\/{rel}","templated":true}]}}