{"id":21459,"date":"2025-08-07T21:21:02","date_gmt":"2025-08-08T01:21:02","guid":{"rendered":"https:\/\/ifa.uv.cl\/wp-content\/uploads\/2025\/08\/Figura-6.jpg"},"modified":"2025-08-07T21:34:31","modified_gmt":"2025-08-08T01:34:31","slug":"figura-6-2","status":"inherit","type":"attachment","link":"https:\/\/ifa.uv.cl\/en\/la-verdadera-historia-del-origen-de-la-astronomia-profesional-en-chile\/figura-6-2\/","title":{"rendered":"Figura 6"},"author":6,"featured_media":0,"comment_status":"closed","ping_status":"closed","template":"","meta":[],"class_list":["post-21459","attachment","type-attachment","status-inherit","hentry"],"description":{"rendered":"<p class=\"attachment\"><a href='https:\/\/ifa.uv.cl\/wp-content\/uploads\/2025\/08\/Figura-6-scaled.jpg'><img loading=\"lazy\" decoding=\"async\" width=\"205\" height=\"300\" src=\"https:\/\/ifa.uv.cl\/wp-content\/uploads\/2025\/08\/Figura-6-205x300.jpg\" class=\"attachment-medium size-medium\" alt=\"\" srcset=\"https:\/\/ifa.uv.cl\/wp-content\/uploads\/2025\/08\/Figura-6-205x300.jpg 205w, https:\/\/ifa.uv.cl\/wp-content\/uploads\/2025\/08\/Figura-6-699x1024.jpg 699w, https:\/\/ifa.uv.cl\/wp-content\/uploads\/2025\/08\/Figura-6-768x1125.jpg 768w, https:\/\/ifa.uv.cl\/wp-content\/uploads\/2025\/08\/Figura-6-1048x1536.jpg 1048w, https:\/\/ifa.uv.cl\/wp-content\/uploads\/2025\/08\/Figura-6-1398x2048.jpg 1398w, https:\/\/ifa.uv.cl\/wp-content\/uploads\/2025\/08\/Figura-6-scaled.jpg 1747w\" sizes=\"auto, (max-width: 205px) 100vw, 205px\" \/><\/a><\/p>\n"},"caption":{"rendered":"<p>El observatorio en 1967. Detalle del estado de conservaci\u00f3n exterior del sal\u00f3n que alberg\u00f3 el telescopio de tr\u00e1nsito  La imagen muestra el muro norte del sal\u00f3n del tr\u00e1nsito donde originalmente hubo una ventana, entre las pilastras, a trav\u00e9s de la cual se realizaban las observaciones con el telescopio de tr\u00e1nsito. Imagen gentileza fondo documental Myriam Waisberg del Archivo de la Historia de la Arquitectura de Valpara\u00edso, Universidad de Valpara\u00edso. <\/p>\n"},"alt_text":"","media_type":"image","mime_type":"image\/jpeg","media_details":{"width":1747,"height":2560,"file":"2025\/08\/Figura-6-scaled.jpg","filesize":542581,"sizes":{"medium":{"file":"Figura-6-205x300.jpg","width":205,"height":300,"filesize":20865,"mime_type":"image\/jpeg","source_url":"https:\/\/ifa.uv.cl\/wp-content\/uploads\/2025\/08\/Figura-6-205x300.jpg"},"large":{"file":"Figura-6-699x1024.jpg","width":699,"height":1024,"filesize":145748,"mime_type":"image\/jpeg","source_url":"https:\/\/ifa.uv.cl\/wp-content\/uploads\/2025\/08\/Figura-6-699x1024.jpg"},"thumbnail":{"file":"Figura-6-150x150.jpg","width":150,"height":150,"filesize":10618,"mime_type":"image\/jpeg","source_url":"https:\/\/ifa.uv.cl\/wp-content\/uploads\/2025\/08\/Figura-6-150x150.jpg"},"medium_large":{"file":"Figura-6-768x1125.jpg","width":768,"height":1125,"filesize":167862,"mime_type":"image\/jpeg","source_url":"https:\/\/ifa.uv.cl\/wp-content\/uploads\/2025\/08\/Figura-6-768x1125.jpg"},"1536x1536":{"file":"Figura-6-1048x1536.jpg","width":1048,"height":1536,"filesize":261577,"mime_type":"image\/jpeg","source_url":"https:\/\/ifa.uv.cl\/wp-content\/uploads\/2025\/08\/Figura-6-1048x1536.jpg"},"2048x2048":{"file":"Figura-6-1398x2048.jpg","width":1398,"height":2048,"filesize":394574,"mime_type":"image\/jpeg","source_url":"https:\/\/ifa.uv.cl\/wp-content\/uploads\/2025\/08\/Figura-6-1398x2048.jpg"},"qi_addons_for_elementor_image_size_square":{"file":"Figura-6-650x650.jpg","width":650,"height":650,"filesize":88522,"mime_type":"image\/jpeg","source_url":"https:\/\/ifa.uv.cl\/wp-content\/uploads\/2025\/08\/Figura-6-650x650.jpg"},"qi_addons_for_elementor_image_size_landscape":{"file":"Figura-6-1300x650.jpg","width":1300,"height":650,"filesize":111698,"mime_type":"image\/jpeg","source_url":"https:\/\/ifa.uv.cl\/wp-content\/uploads\/2025\/08\/Figura-6-1300x650.jpg"},"qi_addons_for_elementor_image_size_portrait":{"file":"Figura-6-650x1300.jpg","width":650,"height":1300,"filesize":159249,"mime_type":"image\/jpeg","source_url":"https:\/\/ifa.uv.cl\/wp-content\/uploads\/2025\/08\/Figura-6-650x1300.jpg"},"qi_addons_for_elementor_image_size_huge-square":{"file":"Figura-6-1300x1300.jpg","width":1300,"height":1300,"filesize":239002,"mime_type":"image\/jpeg","source_url":"https:\/\/ifa.uv.cl\/wp-content\/uploads\/2025\/08\/Figura-6-1300x1300.jpg"},"borgholm_image_size_square":{"file":"Figura-6-650x650.jpg","width":650,"height":650,"filesize":88522,"mime_type":"image\/jpeg","source_url":"https:\/\/ifa.uv.cl\/wp-content\/uploads\/2025\/08\/Figura-6-650x650.jpg"},"borgholm_image_size_landscape":{"file":"Figura-6-1300x650.jpg","width":1300,"height":650,"filesize":111698,"mime_type":"image\/jpeg","source_url":"https:\/\/ifa.uv.cl\/wp-content\/uploads\/2025\/08\/Figura-6-1300x650.jpg"},"borgholm_image_size_portrait":{"file":"Figura-6-650x1300.jpg","width":650,"height":1300,"filesize":159249,"mime_type":"image\/jpeg","source_url":"https:\/\/ifa.uv.cl\/wp-content\/uploads\/2025\/08\/Figura-6-650x1300.jpg"},"borgholm_image_size_huge-square":{"file":"Figura-6-1300x1300.jpg","width":1300,"height":1300,"filesize":239002,"mime_type":"image\/jpeg","source_url":"https:\/\/ifa.uv.cl\/wp-content\/uploads\/2025\/08\/Figura-6-1300x1300.jpg"},"full":{"file":"Figura-6-scaled.jpg","width":1747,"height":2560,"mime_type":"image\/jpeg","source_url":"https:\/\/ifa.uv.cl\/wp-content\/uploads\/2025\/08\/Figura-6-scaled.jpg"}},"image_meta":{"aperture":"0","credit":"","camera":"","caption":"","created_timestamp":"1700603928","copyright":"","focal_length":"0","iso":"0","shutter_speed":"0","title":"","orientation":"1","keywords":[]},"original_image":"Figura-6.jpg"},"post":21450,"source_url":"https:\/\/ifa.uv.cl\/wp-content\/uploads\/2025\/08\/Figura-6-scaled.jpg","_links":{"self":[{"href":"https:\/\/ifa.uv.cl\/en\/wp-json\/wp\/v2\/media\/21459","targetHints":{"allow":["GET"]}}],"collection":[{"href":"https:\/\/ifa.uv.cl\/en\/wp-json\/wp\/v2\/media"}],"about":[{"href":"https:\/\/ifa.uv.cl\/en\/wp-json\/wp\/v2\/types\/attachment"}],"author":[{"embeddable":true,"href":"https:\/\/ifa.uv.cl\/en\/wp-json\/wp\/v2\/users\/6"}],"replies":[{"embeddable":true,"href":"https:\/\/ifa.uv.cl\/en\/wp-json\/wp\/v2\/comments?post=21459"}],"wp:attached-to":[{"embeddable":true,"post_type":"post","id":21450,"href":"https:\/\/ifa.uv.cl\/en\/wp-json\/wp\/v2\/posts\/21450"}],"curies":[{"name":"wp","href":"https:\/\/api.w.org\/{rel}","templated":true}]}}